{"id":16247680,"date":"2022-12-07T15:21:54","date_gmt":"2022-12-07T14:21:54","guid":{"rendered":"https:\/\/www.vecesam.es\/pvc\/"},"modified":"2023-01-17T11:43:05","modified_gmt":"2023-01-17T10:43:05","slug":"pvc","status":"publish","type":"page","link":"https:\/\/www.vecesam.es\/ca\/pvc\/","title":{"rendered":"PVC"},"content":{"rendered":"<p>[et_pb_section fb_built=&#8221;1&#8243; _builder_version=&#8221;4.19.4&#8243; _module_preset=&#8221;default&#8221; custom_padding=&#8221;0px||0px|||&#8221; global_colors_info=&#8221;{}&#8221;][et_pb_row column_structure=&#8221;1_2,1_2&#8243; use_custom_gutter=&#8221;on&#8221; gutter_width=&#8221;1&#8243; make_equal=&#8221;on&#8221; _builder_version=&#8221;4.19.4&#8243; _module_preset=&#8221;default&#8221; width=&#8221;100%&#8221; max_width=&#8221;100%&#8221; custom_padding=&#8221;0px||0px|||&#8221; global_colors_info=&#8221;{}&#8221;][et_pb_column type=&#8221;1_2&#8243; _builder_version=&#8221;4.19.4&#8243; _module_preset=&#8221;default&#8221; global_colors_info=&#8221;{}&#8221;][et_pb_cta title=&#8221;M\u00e0xim a\u00efllament ac\u00fastic&#8221; button_text=&#8221;Click Here&#8221; _builder_version=&#8221;4.19.4&#8243; _module_preset=&#8221;default&#8221; positioning=&#8221;absolute&#8221; position_origin_a=&#8221;center_center&#8221; width=&#8221;100%&#8221; custom_padding=&#8221;30px|30px|30px|90px|false|false&#8221; hover_enabled=&#8221;0&#8243; global_colors_info=&#8221;{}&#8221; positioning_last_edited=&#8221;on|phone&#8221; position_origin_a_last_edited=&#8221;on|phone&#8221; position_origin_f_last_edited=&#8221;on|phone&#8221; position_origin_r_last_edited=&#8221;on|phone&#8221; sticky_enabled=&#8221;0&#8243; positioning_phone=&#8221;none&#8221; custom_padding_last_edited=&#8221;on|phone&#8221; custom_padding_phone=&#8221;30px|30px|30px|30px|false|false&#8221; custom_margin_last_edited=&#8221;on|phone&#8221; custom_margin_phone=&#8221;30px||||false|false&#8221; positioning_tablet=&#8221;absolute&#8221; position_origin_a_tablet=&#8221;center_center&#8221; position_origin_a_phone=&#8221;center_center&#8221; custom_padding_tablet=&#8221;30px|30px|30px|90px|false|false&#8221;]<\/p>\n<p>Les finestres que milloren la nostra qualitat de vida i economia s\u00f3n aquelles que ens aporten a\u00efllament t\u00e8rmic i ac\u00fastic. Per aix\u00f2 hem d&#8217;assegurar els nivells de <strong>permeabilitat a l&#8217;aire, estanquitat a l&#8217;aigua i resist\u00e8ncia al vent<\/strong> entre altres factors. Les nostres finestres arriben als valors m\u00e0xims en tots els par\u00e0metres, a m\u00e9s de permetre&#8217;ns l&#8217;estalvi d&#8217;energia i cura del medi ambient que la societat actual demanda.<\/p>\n<p>[\/et_pb_cta][\/et_pb_column][et_pb_column type=&#8221;1_2&#8243; _builder_version=&#8221;4.19.4&#8243; _module_preset=&#8221;default&#8221; global_colors_info=&#8221;{}&#8221;][et_pb_image src=&#8221;https:\/\/www.vecesam.es\/wp-content\/uploads\/2023\/01\/ventanas-vecesam-pvc-aislamiento-acustico.jpeg&#8221; _builder_version=&#8221;4.19.4&#8243; _module_preset=&#8221;default&#8221; global_colors_info=&#8221;{}&#8221;][\/et_pb_image][\/et_pb_column][\/et_pb_row][\/et_pb_section][et_pb_section fb_built=&#8221;1&#8243; _builder_version=&#8221;4.19.4&#8243; _module_preset=&#8221;default&#8221; custom_padding=&#8221;0px||0px|||&#8221; global_colors_info=&#8221;{}&#8221;][et_pb_row column_structure=&#8221;1_2,1_2&#8243; use_custom_gutter=&#8221;on&#8221; gutter_width=&#8221;1&#8243; make_equal=&#8221;on&#8221; _builder_version=&#8221;4.19.4&#8243; _module_preset=&#8221;default&#8221; width=&#8221;100%&#8221; max_width=&#8221;100%&#8221; custom_padding=&#8221;0px||0px|||&#8221; global_colors_info=&#8221;{}&#8221;][et_pb_column type=&#8221;1_2&#8243; _builder_version=&#8221;4.19.4&#8243; _module_preset=&#8221;default&#8221; global_colors_info=&#8221;{}&#8221;][et_pb_image src=&#8221;https:\/\/www.vecesam.es\/wp-content\/uploads\/2023\/01\/ahorro-energetico-aislamiento-ventanas-pvc-vecesam.jpeg&#8221; _builder_version=&#8221;4.19.4&#8243; _module_preset=&#8221;default&#8221; global_colors_info=&#8221;{}&#8221; disabled_on=&#8221;on|on|off&#8221;][\/et_pb_image][\/et_pb_column][et_pb_column type=&#8221;1_2&#8243; _builder_version=&#8221;4.19.4&#8243; _module_preset=&#8221;default&#8221; global_colors_info=&#8221;{}&#8221;][et_pb_cta title=&#8221;PVC per estalviar energia&#8221; button_text=&#8221;Click Here&#8221; _builder_version=&#8221;4.19.4&#8243; _module_preset=&#8221;default&#8221; positioning=&#8221;absolute&#8221; position_origin_a=&#8221;center_center&#8221; width=&#8221;100%&#8221; custom_padding=&#8221;30px|90px|30px|60px|false|false&#8221; hover_enabled=&#8221;0&#8243; global_colors_info=&#8221;{}&#8221; positioning_last_edited=&#8221;on|phone&#8221; position_origin_a_last_edited=&#8221;on|phone&#8221; position_origin_f_last_edited=&#8221;on|phone&#8221; position_origin_r_last_edited=&#8221;on|phone&#8221; sticky_enabled=&#8221;0&#8243; positioning_tablet=&#8221;none&#8221; custom_padding_last_edited=&#8221;on|phone&#8221; custom_padding_phone=&#8221;30px|30px|30px|30px|false|false&#8221; positioning_phone=&#8221;none&#8221; position_origin_a_tablet=&#8221;center_center&#8221; position_origin_a_phone=&#8221;center_center&#8221; custom_padding_tablet=&#8221;30px|90px|30px|60px|false|false&#8221;]<\/p>\n<p>Substituir les seves finestres velles pot suposar <strong>reduir les p\u00e8rdues energ\u00e8tiques fins a un 70%<\/strong>. I l&#8217;estalvi no acaba aqu\u00ed, ja que la seva vida \u00fatil \u00e9s de 50 anys sense necessitat de m\u00e9s manteniment que la seva neteja habitual (aigua i sab\u00f3 suau).<\/p>\n<p>[\/et_pb_cta][et_pb_image src=&#8221;https:\/\/www.vecesam.es\/wp-content\/uploads\/2023\/01\/ahorro-energetico-aislamiento-ventanas-pvc-vecesam.jpeg&#8221; _builder_version=&#8221;4.19.4&#8243; _module_preset=&#8221;default&#8221; hover_enabled=&#8221;0&#8243; global_colors_info=&#8221;{}&#8221; sticky_enabled=&#8221;0&#8243; disabled_on=&#8221;off|off|on&#8221;][\/et_pb_image][\/et_pb_column][\/et_pb_row][\/et_pb_section][et_pb_section fb_built=&#8221;1&#8243; admin_label=&#8221;Section&#8221; _builder_version=&#8221;4.19.4&#8243; _module_preset=&#8221;default&#8221; custom_padding=&#8221;0px||0px|||&#8221; global_colors_info=&#8221;{}&#8221;][et_pb_row column_structure=&#8221;1_2,1_2&#8243; use_custom_gutter=&#8221;on&#8221; gutter_width=&#8221;1&#8243; make_equal=&#8221;on&#8221; _builder_version=&#8221;4.19.4&#8243; _module_preset=&#8221;default&#8221; width=&#8221;100%&#8221; max_width=&#8221;100%&#8221; custom_padding=&#8221;0px||0px|||&#8221; global_colors_info=&#8221;{}&#8221;][et_pb_column type=&#8221;1_2&#8243; _builder_version=&#8221;4.19.4&#8243; _module_preset=&#8221;default&#8221; global_colors_info=&#8221;{}&#8221;][et_pb_cta title=&#8221;M\u00e0xima seguretat davant d&#8217;agressions naturals i humanes&#8221; button_text=&#8221;Click Here&#8221; _builder_version=&#8221;4.19.4&#8243; _module_preset=&#8221;default&#8221; positioning=&#8221;absolute&#8221; position_origin_a=&#8221;center_center&#8221; width=&#8221;100%&#8221; custom_padding=&#8221;30px|30px|30px|90px|false|false&#8221; global_colors_info=&#8221;{}&#8221; positioning_phone=&#8221;none&#8221; positioning_last_edited=&#8221;on|phone&#8221; position_origin_a_last_edited=&#8221;on|phone&#8221; custom_padding_phone=&#8221;30px|30px|30px|30px|false|false&#8221; custom_padding_last_edited=&#8221;on|phone&#8221; positioning_tablet=&#8221;absolute&#8221; position_origin_a_tablet=&#8221;center_center&#8221; position_origin_a_phone=&#8221;center_center&#8221; custom_padding_tablet=&#8221;30px|30px|30px|90px|false|false&#8221;]<\/p>\n<p><strong>Seguretat garantida<\/strong> gr\u00e0cies a l&#8217;\u00fas d&#8217;un material dur per naturalesa com \u00e9s el PVC i tamb\u00e9 a la pres\u00e8ncia de refor\u00e7os d&#8217;acer galvanitzat i soldadures t\u00e8rmiques sense cola. A m\u00e9s existeix la possibilitat d&#8217;instal\u00b7lar ferramenta perimetrals RC2 amb <strong>m\u00faltiples punts de tancament, manilles especials i vidres de seguretat de gran gruix<\/strong><\/p>\n<p>[\/et_pb_cta][\/et_pb_column][et_pb_column type=&#8221;1_2&#8243; _builder_version=&#8221;4.19.4&#8243; _module_preset=&#8221;default&#8221; global_colors_info=&#8221;{}&#8221;][et_pb_image src=&#8221;https:\/\/www.vecesam.es\/wp-content\/uploads\/2023\/01\/Ventanas-de-seguridad-pvc-vecesam.jpeg&#8221; _builder_version=&#8221;4.19.4&#8243; _module_preset=&#8221;default&#8221; global_colors_info=&#8221;{}&#8221;][\/et_pb_image][\/et_pb_column][\/et_pb_row][\/et_pb_section][et_pb_section fb_built=&#8221;1&#8243; _builder_version=&#8221;4.19.4&#8243; _module_preset=&#8221;default&#8221; custom_padding=&#8221;0px||0px|||&#8221; global_colors_info=&#8221;{}&#8221;][et_pb_row column_structure=&#8221;1_2,1_2&#8243; use_custom_gutter=&#8221;on&#8221; gutter_width=&#8221;1&#8243; make_equal=&#8221;on&#8221; _builder_version=&#8221;4.19.4&#8243; _module_preset=&#8221;default&#8221; width=&#8221;100%&#8221; max_width=&#8221;100%&#8221; custom_padding=&#8221;0px||0px|||&#8221; global_colors_info=&#8221;{}&#8221;][et_pb_column type=&#8221;1_2&#8243; _builder_version=&#8221;4.19.4&#8243; _module_preset=&#8221;default&#8221; global_colors_info=&#8221;{}&#8221;][et_pb_image src=&#8221;https:\/\/www.vecesam.es\/wp-content\/uploads\/2023\/01\/formas-diferentes-variadas-ventanas-pvc-vecesam-1.jpeg&#8221; _builder_version=&#8221;4.19.4&#8243; _module_preset=&#8221;default&#8221; global_colors_info=&#8221;{}&#8221; disabled_on=&#8221;on|on|off&#8221;][\/et_pb_image][\/et_pb_column][et_pb_column type=&#8221;1_2&#8243; _builder_version=&#8221;4.19.4&#8243; _module_preset=&#8221;default&#8221; global_colors_info=&#8221;{}&#8221;][et_pb_cta title=&#8221;Varietat de formes&#8221; button_text=&#8221;Click Here&#8221; _builder_version=&#8221;4.19.4&#8243; _module_preset=&#8221;default&#8221; positioning=&#8221;absolute&#8221; position_origin_a=&#8221;center_center&#8221; width=&#8221;100%&#8221; custom_padding=&#8221;30px|90px|30px|60px|false|false&#8221; global_colors_info=&#8221;{}&#8221; positioning_tablet=&#8221;none&#8221; positioning_last_edited=&#8221;on|phone&#8221; position_origin_a_last_edited=&#8221;on|phone&#8221; custom_padding_phone=&#8221;30px|30px|30px|30px|false|false&#8221; custom_padding_last_edited=&#8221;on|phone&#8221; positioning_phone=&#8221;none&#8221; position_origin_a_tablet=&#8221;center_center&#8221; position_origin_a_phone=&#8221;center_center&#8221; custom_padding_tablet=&#8221;30px|90px|30px|60px|false|false&#8221;]<\/p>\n<p><strong>Formes ovalades, quadrades, rectangulars, arcs de mig punt<\/strong>, finestres de tota mena i mida s\u00f3n possibles per encaixar en qualsevol projecte d&#8217;obra nova o reforma de tota mena d&#8217;estils arquitect\u00f2nics.<\/p>\n<p>[\/et_pb_cta][et_pb_image src=&#8221;https:\/\/www.vecesam.es\/wp-content\/uploads\/2023\/01\/formas-diferentes-variadas-ventanas-pvc-vecesam-1.jpeg&#8221; _builder_version=&#8221;4.19.4&#8243; _module_preset=&#8221;default&#8221; global_colors_info=&#8221;{}&#8221; disabled_on=&#8221;off|off|on&#8221;][\/et_pb_image][\/et_pb_column][\/et_pb_row][\/et_pb_section][et_pb_section fb_built=&#8221;1&#8243; admin_label=&#8221;Section&#8221; _builder_version=&#8221;4.19.4&#8243; _module_preset=&#8221;default&#8221; custom_padding=&#8221;0px||0px|||&#8221; global_colors_info=&#8221;{}&#8221;][et_pb_row column_structure=&#8221;1_2,1_2&#8243; use_custom_gutter=&#8221;on&#8221; gutter_width=&#8221;1&#8243; make_equal=&#8221;on&#8221; _builder_version=&#8221;4.19.4&#8243; _module_preset=&#8221;default&#8221; width=&#8221;100%&#8221; max_width=&#8221;100%&#8221; custom_padding=&#8221;0px||0px|||&#8221; global_colors_info=&#8221;{}&#8221;][et_pb_column type=&#8221;1_2&#8243; _builder_version=&#8221;4.19.4&#8243; _module_preset=&#8221;default&#8221; global_colors_info=&#8221;{}&#8221;][et_pb_cta title=&#8221;\u00c0mplia gamma de colors&#8221; button_text=&#8221;Click Here&#8221; _builder_version=&#8221;4.19.4&#8243; _module_preset=&#8221;default&#8221; positioning=&#8221;absolute&#8221; position_origin_a=&#8221;center_center&#8221; width=&#8221;100%&#8221; custom_padding=&#8221;30px|30px|30px|90px|false|false&#8221; global_colors_info=&#8221;{}&#8221; positioning_phone=&#8221;none&#8221; positioning_last_edited=&#8221;on|phone&#8221; position_origin_a_last_edited=&#8221;on|phone&#8221; custom_padding_phone=&#8221;30px|30px|30px|30px|false|false&#8221; custom_padding_last_edited=&#8221;on|phone&#8221; positioning_tablet=&#8221;absolute&#8221; position_origin_a_tablet=&#8221;center_center&#8221; position_origin_a_phone=&#8221;center_center&#8221; custom_padding_tablet=&#8221;30px|30px|30px|90px|false|false&#8221;]<\/p>\n<p><strong>Colors llisos, met\u00e0l\u00b7lics o acabats fusta<\/strong> amb m\u00e9s de 100 colors a la carta. Tots ells amb acabats d&#8217;alta qualitat (consist\u00e8ncia, adher\u00e8ncia i riquesa de textura) i <strong>resist\u00e8ncia m\u00e0xima<\/strong> amb especial menci\u00f3 a qu\u00e8 no es decoloren; <strong>15 anys de garantia<\/strong>, incl\u00fas a la costa, clima extrem o en zones amb molt sol.<\/p>\n<p>[\/et_pb_cta][\/et_pb_column][et_pb_column type=&#8221;1_2&#8243; _builder_version=&#8221;4.19.4&#8243; _module_preset=&#8221;default&#8221; global_colors_info=&#8221;{}&#8221;][et_pb_image src=&#8221;https:\/\/www.vecesam.es\/wp-content\/uploads\/2023\/01\/amplia-gama-de-colores-ventanas-pvc-vecesam.jpeg&#8221; _builder_version=&#8221;4.19.4&#8243; _module_preset=&#8221;default&#8221; global_colors_info=&#8221;{}&#8221;][\/et_pb_image][\/et_pb_column][\/et_pb_row][\/et_pb_section][et_pb_section fb_built=&#8221;1&#8243; _builder_version=&#8221;4.19.4&#8243; _module_preset=&#8221;default&#8221; custom_padding=&#8221;0px||0px|||&#8221; global_colors_info=&#8221;{}&#8221;][et_pb_row column_structure=&#8221;1_2,1_2&#8243; use_custom_gutter=&#8221;on&#8221; gutter_width=&#8221;1&#8243; make_equal=&#8221;on&#8221; _builder_version=&#8221;4.19.4&#8243; _module_preset=&#8221;default&#8221; width=&#8221;100%&#8221; max_width=&#8221;100%&#8221; custom_padding=&#8221;0px||0px|||&#8221; global_colors_info=&#8221;{}&#8221;][et_pb_column type=&#8221;1_2&#8243; _builder_version=&#8221;4.19.4&#8243; _module_preset=&#8221;default&#8221; global_colors_info=&#8221;{}&#8221;][et_pb_image src=&#8221;https:\/\/www.vecesam.es\/wp-content\/uploads\/2023\/01\/Ventanas-pvc-sostenibles-eco-Vecesam.jpeg&#8221; _builder_version=&#8221;4.19.4&#8243; _module_preset=&#8221;default&#8221; global_colors_info=&#8221;{}&#8221; disabled_on=&#8221;on|on|off&#8221;][\/et_pb_image][\/et_pb_column][et_pb_column type=&#8221;1_2&#8243; _builder_version=&#8221;4.19.4&#8243; _module_preset=&#8221;default&#8221; global_colors_info=&#8221;{}&#8221;][et_pb_cta title=&#8221;Ecosostenible: cuidant el m\u00f3n per als nostres fills&#8221; button_text=&#8221;Click Here&#8221; _builder_version=&#8221;4.19.4&#8243; _module_preset=&#8221;default&#8221; positioning=&#8221;absolute&#8221; position_origin_a=&#8221;center_center&#8221; width=&#8221;100%&#8221; custom_padding=&#8221;30px|90px|30px|60px|false|false&#8221; global_colors_info=&#8221;{}&#8221; positioning_tablet=&#8221;none&#8221; positioning_last_edited=&#8221;on|phone&#8221; position_origin_a_last_edited=&#8221;on|phone&#8221; custom_padding_phone=&#8221;30px|30px|30px|30px|false|false&#8221; custom_padding_last_edited=&#8221;on|phone&#8221; positioning_phone=&#8221;none&#8221; position_origin_a_tablet=&#8221;center_center&#8221; position_origin_a_phone=&#8221;center_center&#8221; custom_padding_tablet=&#8221;30px|90px|30px|60px|false|false&#8221;]<\/p>\n<p>Cuidem tots els aspectes perqu\u00e8 els nostres productes siguin respectuosos amb el medi ambient. Productes 100% reciclables, sense metalls pesants (com el plom), m\u00e0xim a\u00efllament perqu\u00e8 casa llar ajudi a la reducci\u00f3 d&#8217;emissions de CO2. I a m\u00e9s, el nostre comprom\u00eds empresarial amb el desenvolupament sostenible (segell Passivhaus, ISO 14001, etc&#8230;).<\/p>\n<p>[\/et_pb_cta][et_pb_image src=&#8221;https:\/\/www.vecesam.es\/wp-content\/uploads\/2023\/01\/Ventanas-pvc-sostenibles-eco-Vecesam.jpeg&#8221; _builder_version=&#8221;4.19.4&#8243; _module_preset=&#8221;default&#8221; global_colors_info=&#8221;{}&#8221; disabled_on=&#8221;off|off|on&#8221;][\/et_pb_image][\/et_pb_column][\/et_pb_row][\/et_pb_section][et_pb_section fb_built=&#8221;1&#8243; admin_label=&#8221;Section&#8221; _builder_version=&#8221;4.19.4&#8243; _module_preset=&#8221;default&#8221; custom_padding=&#8221;0px||0px|||&#8221; global_colors_info=&#8221;{}&#8221;][et_pb_row column_structure=&#8221;1_2,1_2&#8243; use_custom_gutter=&#8221;on&#8221; gutter_width=&#8221;1&#8243; make_equal=&#8221;on&#8221; _builder_version=&#8221;4.19.4&#8243; _module_preset=&#8221;default&#8221; width=&#8221;100%&#8221; max_width=&#8221;100%&#8221; custom_padding=&#8221;0px||0px|||&#8221; global_colors_info=&#8221;{}&#8221;][et_pb_column type=&#8221;1_2&#8243; _builder_version=&#8221;4.19.4&#8243; _module_preset=&#8221;default&#8221; global_colors_info=&#8221;{}&#8221;][et_pb_cta title=&#8221;Formes d&#8217;obertura en portes i finestres&#8221; button_text=&#8221;Click Here&#8221; _builder_version=&#8221;4.19.4&#8243; _module_preset=&#8221;default&#8221; positioning=&#8221;absolute&#8221; position_origin_a=&#8221;center_center&#8221; width=&#8221;100%&#8221; custom_padding=&#8221;30px|30px|30px|90px|false|false&#8221; global_colors_info=&#8221;{}&#8221; positioning_phone=&#8221;none&#8221; positioning_last_edited=&#8221;on|phone&#8221; position_origin_a_last_edited=&#8221;on|phone&#8221; custom_padding_phone=&#8221;30px|30px|30px|30px|false|false&#8221; custom_padding_last_edited=&#8221;on|phone&#8221; positioning_tablet=&#8221;absolute&#8221; position_origin_a_tablet=&#8221;center_center&#8221; position_origin_a_phone=&#8221;center_center&#8221; custom_padding_tablet=&#8221;30px|30px|30px|90px|false|false&#8221;]Qualsevol mena d&#8217;obertura que vulgueu o necessiteu el podem fabricar i\/o instal\u00b7lar. Abatibles o lliscants amb fins a 9 subtipus d&#8217;obertura. Consulta la nostra llista de YouTube de tipus d&#8217;obertura de finestres de PVC i el nostre v\u00eddeo de porta corredissa, que us semblar\u00e0 incre\u00efble.[\/et_pb_cta][\/et_pb_column][et_pb_column type=&#8221;1_2&#8243; _builder_version=&#8221;4.19.4&#8243; _module_preset=&#8221;default&#8221; global_colors_info=&#8221;{}&#8221;][et_pb_image src=&#8221;https:\/\/www.vecesam.es\/wp-content\/uploads\/2023\/01\/formas-de-apertura-ventanas-pvc-Vecesam.jpeg&#8221; force_fullwidth=&#8221;on&#8221; _builder_version=&#8221;4.19.4&#8243; _module_preset=&#8221;default&#8221; global_colors_info=&#8221;{}&#8221;][\/et_pb_image][\/et_pb_column][\/et_pb_row][\/et_pb_section]<\/p>\n","protected":false},"excerpt":{"rendered":"<p>Les finestres que milloren la nostra qualitat de vida i economia s\u00f3n aquelles que ens aporten a\u00efllament t\u00e8rmic i ac\u00fastic. Per aix\u00f2 hem d&#8217;assegurar els nivells de permeabilitat a l&#8217;aire, estanquitat a l&#8217;aigua i resist\u00e8ncia al vent entre altres factors. Les nostres finestres arriben als valors m\u00e0xims en tots els par\u00e0metres, a m\u00e9s de permetre&#8217;ns [&hellip;]<\/p>\n","protected":false},"author":1,"featured_media":0,"parent":0,"menu_order":0,"comment_status":"closed","ping_status":"closed","template":"","meta":{"_et_pb_use_builder":"on","_et_pb_old_content":"","_et_gb_content_width":"","footnotes":""},"dipi_cpt_category":[],"class_list":["post-16247680","page","type-page","status-publish","hentry"],"_links":{"self":[{"href":"https:\/\/www.vecesam.es\/ca\/wp-json\/wp\/v2\/pages\/16247680","targetHints":{"allow":["GET"]}}],"collection":[{"href":"https:\/\/www.vecesam.es\/ca\/wp-json\/wp\/v2\/pages"}],"about":[{"href":"https:\/\/www.vecesam.es\/ca\/wp-json\/wp\/v2\/types\/page"}],"author":[{"embeddable":true,"href":"https:\/\/www.vecesam.es\/ca\/wp-json\/wp\/v2\/users\/1"}],"replies":[{"embeddable":true,"href":"https:\/\/www.vecesam.es\/ca\/wp-json\/wp\/v2\/comments?post=16247680"}],"version-history":[{"count":0,"href":"https:\/\/www.vecesam.es\/ca\/wp-json\/wp\/v2\/pages\/16247680\/revisions"}],"wp:attachment":[{"href":"https:\/\/www.vecesam.es\/ca\/wp-json\/wp\/v2\/media?parent=16247680"}],"wp:term":[{"taxonomy":"dipi_cpt_category","embeddable":true,"href":"https:\/\/www.vecesam.es\/ca\/wp-json\/wp\/v2\/dipi_cpt_category?post=16247680"}],"curies":[{"name":"wp","href":"https:\/\/api.w.org\/{rel}","templated":true}]}}